{"id":752,"date":"2025-07-11T13:51:48","date_gmt":"2025-07-11T18:51:48","guid":{"rendered":"https:\/\/codofil1.wpenginepowered.com\/?page_id=752"},"modified":"2025-09-04T15:01:27","modified_gmt":"2025-09-04T20:01:27","slug":"certificats-professionnels","status":"publish","type":"page","link":"https:\/\/codofil.org\/fr\/exel-louisiane\/certificats-professionnels\/","title":{"rendered":"Certificats professionnels"},"content":{"rendered":"<div data-elementor-type=\"wp-page\" data-elementor-id=\"752\" class=\"elementor elementor-752\" data-elementor-post-type=\"page\">\n\t\t\t\t<div class=\"elementor-element elementor-element-67b46da e-flex e-con-boxed e-con e-parent\" data-id=\"67b46da\" data-element_type=\"container\">\n\t\t\t\t\t<div class=\"e-con-inner\">\n\t\t<div class=\"elementor-element elementor-element-c15cced e-con-full e-flex e-con e-child\" data-id=\"c15cced\" data-element_type=\"container\">\n\t\t\t\t<div class=\"elementor-element elementor-element-f040f38 elementor-widget elementor-widget-image\" data-id=\"f040f38\" data-element_type=\"widget\" data-widget_type=\"image.default\">\n\t\t\t\t<div class=\"elementor-widget-container\">\n\t\t\t\t\t\t\t\t\t\t\t\t\t\t\t<img fetchpriority=\"high\" decoding=\"async\" width=\"800\" height=\"532\" src=\"https:\/\/codofil.org\/wp-content\/uploads\/2025\/08\/dfp.png\" class=\"attachment-large size-large wp-image-1294\" alt=\"Campus de l&#039;UL-Lafayette\" srcset=\"https:\/\/codofil.org\/wp-content\/uploads\/2025\/08\/dfp.png 900w, https:\/\/codofil.org\/wp-content\/uploads\/2025\/08\/dfp-300x200.png 300w, https:\/\/codofil.org\/wp-content\/uploads\/2025\/08\/dfp-768x511.png 768w, https:\/\/codofil.org\/wp-content\/uploads\/2025\/08\/dfp-18x12.png 18w\" sizes=\"(max-width: 800px) 100vw, 800px\" \/>\t\t\t\t\t\t\t\t\t\t\t\t\t\t\t<\/div>\n\t\t\t\t<\/div>\n\t\t\t\t<\/div>\n\t\t<div class=\"elementor-element elementor-element-36924f8 e-con-full e-flex e-con e-child\" data-id=\"36924f8\" data-element_type=\"container\">\n\t\t\t\t<div class=\"elementor-element elementor-element-d519c13 elementor-widget elementor-widget-text-editor\" data-id=\"d519c13\" data-element_type=\"widget\" data-widget_type=\"text-editor.default\">\n\t\t\t\t<div class=\"elementor-widget-container\">\n\t\t\t\t\t\t\t\t\t<p>Le fran\u00e7ais est parl\u00e9 par plus de 321 millions de personnes sur les cinq continents. Cette <a href=\"https:\/\/www.francophonie.org\/francophonie-brief-1763\" target=\"_blank\" rel=\"noopener\">langue mondiale<\/a> est pr\u00e9sente en Louisiane depuis le 18e si\u00e8cle. Notre attachement continu \u00e0 la langue est visible dans l'\u00e9ducation et les arts, et s'\u00e9tend \u00e0 des parties int\u00e9grantes de notre \u00e9conomie comme le tourisme et l'h\u00e9bergement. Les certificats professionnels peuvent t\u00e9moigner de vos comp\u00e9tences en fran\u00e7ais et <a href=\"https:\/\/codofil.org\/fr\/valeur-economique-francais\/\">repr\u00e9senter un atout professionnel<\/a> lorsque vous cherchez un emploi \u00e0 l'\u00e9tranger, quand vous vous inscrivez \u00e0 l'universit\u00e9 ou lorsque vous souhaitez simplement vous d\u00e9marquer.\u00a0<\/p>\t\t\t\t\t\t\t\t<\/div>\n\t\t\t\t<\/div>\n\t\t\t\t<\/div>\n\t\t\t\t\t<\/div>\n\t\t\t\t<\/div>\n\t\t<div class=\"elementor-element elementor-element-567833e e-flex e-con-boxed e-con e-parent\" data-id=\"567833e\" data-element_type=\"container\">\n\t\t\t\t\t<div class=\"e-con-inner\">\n\t\t\t\t<div class=\"elementor-element elementor-element-f0fdffd elementor-widget elementor-widget-spacer\" data-id=\"f0fdffd\" data-element_type=\"widget\" data-widget_type=\"spacer.default\">\n\t\t\t\t<div class=\"elementor-widget-container\">\n\t\t\t\t\t\t\t<div class=\"elementor-spacer\">\n\t\t\t<div class=\"elementor-spacer-inner\"><\/div>\n\t\t<\/div>\n\t\t\t\t\t\t<\/div>\n\t\t\t\t<\/div>\n\t\t\t\t<div class=\"elementor-element elementor-element-9ff6c20 elementor-widget elementor-widget-heading\" data-id=\"9ff6c20\" data-element_type=\"widget\" data-widget_type=\"heading.default\">\n\t\t\t\t<div class=\"elementor-widget-container\">\n\t\t\t\t\t<h2 class=\"elementor-heading-title elementor-size-default\">Dipl\u00f4me de Fran\u00e7ais Professionnel<\/h2>\t\t\t\t<\/div>\n\t\t\t\t<\/div>\n\t\t\t\t\t<\/div>\n\t\t\t\t<\/div>\n\t\t<div class=\"elementor-element elementor-element-0d5cccd e-flex e-con-boxed e-con e-parent\" data-id=\"0d5cccd\" data-element_type=\"container\">\n\t\t\t\t\t<div class=\"e-con-inner\">\n\t\t<div class=\"elementor-element elementor-element-4fa11fa e-con-full e-flex e-con e-child\" data-id=\"4fa11fa\" data-element_type=\"container\">\n\t\t\t\t<div class=\"elementor-element elementor-element-1f06d11 elementor-widget elementor-widget-image\" data-id=\"1f06d11\" data-element_type=\"widget\" data-widget_type=\"image.default\">\n\t\t\t\t<div class=\"elementor-widget-container\">\n\t\t\t\t\t\t\t\t\t\t\t\t\t\t\t<img decoding=\"async\" width=\"800\" height=\"197\" src=\"https:\/\/codofil.org\/wp-content\/uploads\/2025\/07\/DFP_Logotype_RVB-e1656621146484-1024x252.jpg\" class=\"attachment-large size-large wp-image-753\" alt=\"Logo du Dipl\u00f4me de fran\u00e7ais professionnel pour les francophones\" srcset=\"https:\/\/codofil.org\/wp-content\/uploads\/2025\/07\/DFP_Logotype_RVB-e1656621146484-1024x252.jpg 1024w, https:\/\/codofil.org\/wp-content\/uploads\/2025\/07\/DFP_Logotype_RVB-e1656621146484-300x74.jpg 300w, https:\/\/codofil.org\/wp-content\/uploads\/2025\/07\/DFP_Logotype_RVB-e1656621146484-768x189.jpg 768w, https:\/\/codofil.org\/wp-content\/uploads\/2025\/07\/DFP_Logotype_RVB-e1656621146484-18x4.jpg 18w, https:\/\/codofil.org\/wp-content\/uploads\/2025\/07\/DFP_Logotype_RVB-e1656621146484.jpg 1393w\" sizes=\"(max-width: 800px) 100vw, 800px\" \/>\t\t\t\t\t\t\t\t\t\t\t\t\t\t\t<\/div>\n\t\t\t\t<\/div>\n\t\t\t\t<\/div>\n\t\t<div class=\"elementor-element elementor-element-70b3d29 e-con-full e-flex e-con e-child\" data-id=\"70b3d29\" data-element_type=\"container\">\n\t\t\t\t<div class=\"elementor-element elementor-element-d7c6783 elementor-widget elementor-widget-text-editor\" data-id=\"d7c6783\" data-element_type=\"widget\" data-widget_type=\"text-editor.default\">\n\t\t\t\t<div class=\"elementor-widget-container\">\n\t\t\t\t\t\t\t\t\t<div><div><div><p>Un dipl\u00f4me de fran\u00e7ais professionnel, le <a href=\"https:\/\/www.lefrancaisdesaffaires.fr\/en\/candidate\/diplomas-in-french-for-professions\/\" target=\"_blank\" rel=\"noopener\">Dipl\u00f4me de Fran\u00e7ais Professionnel (DFP)<\/a>est certifi\u00e9 par la Chambre de commerce et d'industrie de Paris \u00cele-de-France. Le DFP est une certification professionnelle qui atteste des comp\u00e9tences en communication orale et \u00e9crite en fran\u00e7ais dans les domaines suivants : affaires, sant\u00e9, relations internationales, tourisme et h\u00f4tellerie. Ces certificats professionnels sont reconnus par les entreprises et les organisations du monde entier.<\/p><\/div><\/div><\/div>\t\t\t\t\t\t\t\t<\/div>\n\t\t\t\t<\/div>\n\t\t\t\t<\/div>\n\t\t\t\t\t<\/div>\n\t\t\t\t<\/div>\n\t\t<div class=\"elementor-element elementor-element-0a5c6ce e-flex e-con-boxed e-con e-parent\" data-id=\"0a5c6ce\" data-element_type=\"container\">\n\t\t\t\t\t<div class=\"e-con-inner\">\n\t\t\t\t<div class=\"elementor-element elementor-element-49af23e elementor-widget elementor-widget-heading\" data-id=\"49af23e\" data-element_type=\"widget\" data-widget_type=\"heading.default\">\n\t\t\t\t<div class=\"elementor-widget-container\">\n\t\t\t\t\t<h3 class=\"elementor-heading-title elementor-size-default\">Tulane University<\/h3>\t\t\t\t<\/div>\n\t\t\t\t<\/div>\n\t\t\t\t<div class=\"elementor-element elementor-element-6d0811e elementor-widget elementor-widget-text-editor\" data-id=\"6d0811e\" data-element_type=\"widget\" data-widget_type=\"text-editor.default\">\n\t\t\t\t<div class=\"elementor-widget-container\">\n\t\t\t\t\t\t\t\t\t<p><span class=\"OYPEnA font-feature-liga-off font-feature-clig-off font-feature-calt-off text-decoration-none text-strikethrough-none\">Tulane propose le DFP aux \u00e9tudiants inscrits \u00e0 Tulane qui suivent deux cours au cours de deux semestres, ce qui comprend le fran\u00e7ais des affaires et le fran\u00e7ais professionnel. Les personnes qui ne sont pas \u00e9tudiantes \u00e0 Tulane mais qui souhaitent obtenir le DFP peuvent profiter des ressources mises \u00e0 disposition en ligne par la Chambre de commerce et d'industrie de Paris \u00cele-de-France. <\/span><span class=\"OYPEnA font-feature-liga-off font-feature-clig-off font-feature-calt-off text-strikethrough-none text-decoration-underline\">Elles pourront<\/span><span class=\"OYPEnA font-feature-liga-off font-feature-clig-off font-feature-calt-off text-strikethrough-none text-decoration-none\"> ensuite passer l\u2019examen DFP avec des professeurs habilit\u00e9s \u00e0 Tulane au mois de mai de chaque ann\u00e9e. \n\nPour plus d'informations sur la mani\u00e8re de passer l'examen, consultez le site web <a href=\"https:\/\/liberalarts.tulane.edu\/french-italian\/undergraduate\/french\/diplomes-de-francais-professionnel\" target=\"_blank\" rel=\"noopener\">Tulane University Business French<\/a>.<\/span><\/p>\t\t\t\t\t\t\t\t<\/div>\n\t\t\t\t<\/div>\n\t\t\t\t<div class=\"elementor-element elementor-element-983433c elementor-widget elementor-widget-heading\" data-id=\"983433c\" data-element_type=\"widget\" data-widget_type=\"heading.default\">\n\t\t\t\t<div class=\"elementor-widget-container\">\n\t\t\t\t\t<h3 class=\"elementor-heading-title elementor-size-default\">Universit\u00e9 de Louisiane \u00e0 Lafayette<\/h3>\t\t\t\t<\/div>\n\t\t\t\t<\/div>\n\t\t\t\t<div class=\"elementor-element elementor-element-8e018a5 elementor-widget elementor-widget-text-editor\" data-id=\"8e018a5\" data-element_type=\"widget\" data-widget_type=\"text-editor.default\">\n\t\t\t\t<div class=\"elementor-widget-container\">\n\t\t\t\t\t\t\t\t\t<p>L'Universit\u00e9 de Louisiane \u00e0 Lafayette propose le DFP \u00e0 la demande des personnes int\u00e9ress\u00e9es. Si vous souhaitez en savoir plus, contactez le professeur Nathan Rabalais \u00e0 l'adresse suivante : <a href=\"mailto:nathan.rabalais@louisiana.edu\">nathan.rabalais@louisiana.edu<\/a>.\u00a0<\/p>\t\t\t\t\t\t\t\t<\/div>\n\t\t\t\t<\/div>\n\t\t\t\t\t<\/div>\n\t\t\t\t<\/div>\n\t\t<aside class=\"elementor-element elementor-element-22430859 callout-pills full-width e-flex e-con-boxed e-con e-parent\" data-id=\"22430859\" data-element_type=\"container\" data-settings=\"{&quot;background_background&quot;:&quot;classic&quot;}\">\n\t\t\t\t\t<div class=\"e-con-inner\">\n\t\t<div class=\"elementor-element elementor-element-162b983b e-con-full e-flex e-con e-child\" data-id=\"162b983b\" data-element_type=\"container\">\n\t\t<div class=\"elementor-element elementor-element-c278d2 e-flex e-con-boxed e-con e-child\" data-id=\"c278d2\" data-element_type=\"container\">\n\t\t\t\t\t<div class=\"e-con-inner\">\n\t\t\t\t<div class=\"elementor-element elementor-element-4903a258 elementor-widget elementor-widget-image\" data-id=\"4903a258\" data-element_type=\"widget\" data-widget_type=\"image.default\">\n\t\t\t\t<div class=\"elementor-widget-container\">\n\t\t\t\t\t\t\t\t\t\t\t\t\t\t\t<img decoding=\"async\" width=\"150\" height=\"150\" src=\"https:\/\/codofil.org\/wp-content\/uploads\/2025\/08\/nathan-rabalais-ul-150x150.jpg\" class=\"attachment-thumbnail size-thumbnail wp-image-1061\" alt=\"\">\t\t\t\t\t\t\t\t\t\t\t\t\t\t\t<\/div>\n\t\t\t\t<\/div>\n\t\t<div class=\"elementor-element elementor-element-768a5e6d e-con-full e-flex e-con e-child\" data-id=\"768a5e6d\" data-element_type=\"container\">\n\t\t\t\t<div class=\"elementor-element elementor-element-79e37b22 elementor-widget elementor-widget-heading\" data-id=\"79e37b22\" data-element_type=\"widget\" data-widget_type=\"heading.default\">\n\t\t\t\t<div class=\"elementor-widget-container\">\n\t\t\t\t\t<p class=\"elementor-heading-title elementor-size-default\">\u00ab La reconnaissance internationale de cet examen offre un avantage important sur le march\u00e9 du travail, que \u00e7a soit en Louisiane ou ailleurs.  \u00bb<\/p>\t\t\t\t<\/div>\n\t\t\t\t<\/div>\n\t\t\t\t<div class=\"elementor-element elementor-element-5496dfc5 elementor-widget elementor-widget-text-editor\" data-id=\"5496dfc5\" data-element_type=\"widget\" data-widget_type=\"text-editor.default\">\n\t\t\t\t<div class=\"elementor-widget-container\">\n\t\t\t\t\t\t\t\t\t<p>- Nathan Rabalais, Universit\u00e9 de Louisiane \u00e0 Lafayette<\/p>\t\t\t\t\t\t\t\t<\/div>\n\t\t\t\t<\/div>\n\t\t\t\t<\/div>\n\t\t\t\t\t<\/div>\n\t\t\t\t<\/div>\n\t\t\t\t<\/div>\n\t\t\t\t\t<\/div>\n\t\t\t\t<\/aside>\n\t\t<div class=\"elementor-element elementor-element-33b239e e-flex e-con-boxed e-con e-parent\" data-id=\"33b239e\" data-element_type=\"container\">\n\t\t\t\t\t<div class=\"e-con-inner\">\n\t\t\t\t<div class=\"elementor-element elementor-element-715c6e0 elementor-widget elementor-widget-heading\" data-id=\"715c6e0\" data-element_type=\"widget\" data-widget_type=\"heading.default\">\n\t\t\t\t<div class=\"elementor-widget-container\">\n\t\t\t\t\t<h2 class=\"elementor-heading-title elementor-size-default\">Test d'\u00c9valuation de Fran\u00e7ais<\/h2>\t\t\t\t<\/div>\n\t\t\t\t<\/div>\n\t\t\t\t\t<\/div>\n\t\t\t\t<\/div>\n\t\t<div class=\"elementor-element elementor-element-fcd6322 e-flex e-con-boxed e-con e-parent\" data-id=\"fcd6322\" data-element_type=\"container\">\n\t\t\t\t\t<div class=\"e-con-inner\">\n\t\t<div class=\"elementor-element elementor-element-fa79810 e-con-full e-flex e-con e-child\" data-id=\"fa79810\" data-element_type=\"container\">\n\t\t\t\t<div class=\"elementor-element elementor-element-f4dc6d3 elementor-widget elementor-widget-image\" data-id=\"f4dc6d3\" data-element_type=\"widget\" data-widget_type=\"image.default\">\n\t\t\t\t<div class=\"elementor-widget-container\">\n\t\t\t\t\t\t\t\t\t\t\t\t\t\t\t<img loading=\"lazy\" decoding=\"async\" width=\"427\" height=\"118\" src=\"https:\/\/codofil.org\/wp-content\/uploads\/2025\/07\/images2.png\" class=\"attachment-large size-large wp-image-754\" alt=\"Logo du Test d&#039;\u00c9valuation de Fran\u00e7ais\" srcset=\"https:\/\/codofil.org\/wp-content\/uploads\/2025\/07\/images2.png 427w, https:\/\/codofil.org\/wp-content\/uploads\/2025\/07\/images2-300x83.png 300w, https:\/\/codofil.org\/wp-content\/uploads\/2025\/07\/images2-18x5.png 18w\" sizes=\"(max-width: 427px) 100vw, 427px\" \/>\t\t\t\t\t\t\t\t\t\t\t\t\t\t\t<\/div>\n\t\t\t\t<\/div>\n\t\t\t\t<\/div>\n\t\t<div class=\"elementor-element elementor-element-7f2a829 e-con-full e-flex e-con e-child\" data-id=\"7f2a829\" data-element_type=\"container\">\n\t\t\t\t<div class=\"elementor-element elementor-element-a6c1695 elementor-widget elementor-widget-text-editor\" data-id=\"a6c1695\" data-element_type=\"widget\" data-widget_type=\"text-editor.default\">\n\t\t\t\t<div class=\"elementor-widget-container\">\n\t\t\t\t\t\t\t\t\t<div><div><div><div><div><div><p>La <a href=\"https:\/\/www.lefrancaisdesaffaires.fr\/en\/candidate\/test-evaluation-francais\/\" target=\"_blank\" rel=\"noopener\">Test d'\u00c9valuation de Fran\u00e7ais (TEF)<\/a> est administr\u00e9 par la Chambre de commerce et d'industrie de Paris \u00cele-de-France, afin d'\u00e9valuer le niveau g\u00e9n\u00e9ral de ma\u00eetrise de la langue fran\u00e7aise. Le TEF est la r\u00e9f\u00e9rence internationale en mati\u00e8re de connaissance de la langue fran\u00e7aise. Il est reconnu par les minist\u00e8res de l'immigration et de l'enseignement sup\u00e9rieur dans l'ensemble du monde francophone.<\/p><\/div><\/div><\/div><\/div><\/div><\/div>\t\t\t\t\t\t\t\t<\/div>\n\t\t\t\t<\/div>\n\t\t\t\t<\/div>\n\t\t\t\t\t<\/div>\n\t\t\t\t<\/div>\n\t\t<div class=\"elementor-element elementor-element-ddbaed8 e-flex e-con-boxed e-con e-parent\" data-id=\"ddbaed8\" data-element_type=\"container\">\n\t\t\t\t\t<div class=\"e-con-inner\">\n\t\t\t\t<div class=\"elementor-element elementor-element-27746e4 elementor-widget elementor-widget-heading\" data-id=\"27746e4\" data-element_type=\"widget\" data-widget_type=\"heading.default\">\n\t\t\t\t<div class=\"elementor-widget-container\">\n\t\t\t\t\t<h3 class=\"elementor-heading-title elementor-size-default\">Alliance Fran\u00e7aise de la Nouvelle-Orl\u00e9ans<\/h3>\t\t\t\t<\/div>\n\t\t\t\t<\/div>\n\t\t\t\t<div class=\"elementor-element elementor-element-4a773ad elementor-widget elementor-widget-text-editor\" data-id=\"4a773ad\" data-element_type=\"widget\" data-widget_type=\"text-editor.default\">\n\t\t\t\t<div class=\"elementor-widget-container\">\n\t\t\t\t\t\t\t\t\t<div><p>Le TEF est propos\u00e9 par l'Alliance Fran\u00e7aise de la Nouvelle-Orl\u00e9ans. Pour plus d'informations sur les modalit\u00e9s d'inscription, <a href=\"https:\/\/www.af-neworleans.org\/learn-french\/exams\/tef\/\" target=\"_blank\" rel=\"noopener\">consultez le page TEF<\/a>.<\/p><\/div>\t\t\t\t\t\t\t\t<\/div>\n\t\t\t\t<\/div>\n\t\t\t\t\t<\/div>\n\t\t\t\t<\/div>\n\t\t<div class=\"elementor-element elementor-element-aabd1d7 e-flex e-con-boxed e-con e-parent\" data-id=\"aabd1d7\" data-element_type=\"container\">\n\t\t\t\t\t<div class=\"e-con-inner\">\n\t\t\t\t<div class=\"elementor-element elementor-element-44ab2ec elementor-widget elementor-widget-spacer\" data-id=\"44ab2ec\" data-element_type=\"widget\" data-widget_type=\"spacer.default\">\n\t\t\t\t<div class=\"elementor-widget-container\">\n\t\t\t\t\t\t\t<div class=\"elementor-spacer\">\n\t\t\t<div class=\"elementor-spacer-inner\"><\/div>\n\t\t<\/div>\n\t\t\t\t\t\t<\/div>\n\t\t\t\t<\/div>\n\t\t\t\t<div class=\"elementor-element elementor-element-9b425be elementor-widget-divider--view-line elementor-widget elementor-widget-divider\" data-id=\"9b425be\" data-element_type=\"widget\" data-widget_type=\"divider.default\">\n\t\t\t\t<div class=\"elementor-widget-container\">\n\t\t\t\t\t\t\t<div class=\"elementor-divider\">\n\t\t\t<span class=\"elementor-divider-separator\">\n\t\t\t\t\t\t<\/span>\n\t\t<\/div>\n\t\t\t\t\t\t<\/div>\n\t\t\t\t<\/div>\n\t\t\t\t<div class=\"elementor-element elementor-element-b38e4e0 elementor-widget elementor-widget-heading\" data-id=\"b38e4e0\" data-element_type=\"widget\" data-widget_type=\"heading.default\">\n\t\t\t\t<div class=\"elementor-widget-container\">\n\t\t\t\t\t<h2 class=\"elementor-heading-title elementor-size-default\">Contactez-nous pour en savoir plus sur les opportunit\u00e9s professionnelles en fran\u00e7ais<\/h2>\t\t\t\t<\/div>\n\t\t\t\t<\/div>\n\t\t\t\t<div class=\"elementor-element elementor-element-9348b6a elementor-align-center elementor-widget elementor-widget-button\" data-id=\"9348b6a\" data-element_type=\"widget\" data-widget_type=\"button.default\">\n\t\t\t\t<div class=\"elementor-widget-container\">\n\t\t\t\t\t\t\t\t\t<div class=\"elementor-button-wrapper\">\n\t\t\t\t\t<a class=\"elementor-button elementor-button-link elementor-size-sm\" href=\"https:\/\/codofil.org\/fr\/nous-joindre\/\">\n\t\t\t\t\t\t<span class=\"elementor-button-content-wrapper\">\n\t\t\t\t\t\t\t\t\t<span class=\"elementor-button-text\">Nous joindre<\/span>\n\t\t\t\t\t<\/span>\n\t\t\t\t\t<\/a>\n\t\t\t\t<\/div>\n\t\t\t\t\t\t\t\t<\/div>\n\t\t\t\t<\/div>\n\t\t\t\t\t<\/div>\n\t\t\t\t<\/div>\n\t\t\t\t<\/div>","protected":false},"excerpt":{"rendered":"<p>French is spoken by over 321 million people across five continents. This global language has been present in Louisiana since the 18th century. Our continued dedication to the language is visible in education and arts, extending to integral parts of our economy like tourism and lodging. Professional certificates can display your French language skills and&#8230;<\/p>","protected":false},"author":10,"featured_media":1294,"parent":712,"menu_order":0,"comment_status":"closed","ping_status":"closed","template":"","meta":{"_acf_changed":false,"footnotes":"","_links_to":"","_links_to_target":""},"class_list":["post-752","page","type-page","status-publish","has-post-thumbnail","hentry"],"acf":[],"_links":{"self":[{"href":"https:\/\/codofil.org\/fr\/wp-json\/wp\/v2\/pages\/752","targetHints":{"allow":["GET"]}}],"collection":[{"href":"https:\/\/codofil.org\/fr\/wp-json\/wp\/v2\/pages"}],"about":[{"href":"https:\/\/codofil.org\/fr\/wp-json\/wp\/v2\/types\/page"}],"author":[{"embeddable":true,"href":"https:\/\/codofil.org\/fr\/wp-json\/wp\/v2\/users\/10"}],"replies":[{"embeddable":true,"href":"https:\/\/codofil.org\/fr\/wp-json\/wp\/v2\/comments?post=752"}],"version-history":[{"count":0,"href":"https:\/\/codofil.org\/fr\/wp-json\/wp\/v2\/pages\/752\/revisions"}],"up":[{"embeddable":true,"href":"https:\/\/codofil.org\/fr\/wp-json\/wp\/v2\/pages\/712"}],"wp:featuredmedia":[{"embeddable":true,"href":"https:\/\/codofil.org\/fr\/wp-json\/wp\/v2\/media\/1294"}],"wp:attachment":[{"href":"https:\/\/codofil.org\/fr\/wp-json\/wp\/v2\/media?parent=752"}],"curies":[{"name":"wp","href":"https:\/\/api.w.org\/{rel}","templated":true}]}}